{"id":11653,"date":"2022-11-17T14:02:10","date_gmt":"2022-11-17T14:02:10","guid":{"rendered":"https:\/\/modamob2.myco.site\/?post_type=product&#038;p=11653"},"modified":"2024-05-28T17:15:31","modified_gmt":"2024-05-28T14:15:31","slug":"doppelter-vertikaler-klapptischmechanismus","status":"publish","type":"product","link":"https:\/\/www.modamob.com.tr\/de\/produkt\/doppelter-vertikaler-klapptischmechanismus\/","title":{"rendered":"Doppelter vertikaler ausziehbarer Tischmechanismus"},"content":{"rendered":"<h2><a href=\"https:\/\/www.modamob.com.tr\/de\/?post_type=product&amp;p=11653&amp;preview=true\">Doppelter vertikaler ausziehbarer Tischmechanismus<\/a><\/h2>\n<h2>Produktdetails:<\/h2>\n<p>ES IST DER GROSSHANDELSPREIS. OHNE MWST. NUR METALLTEILE. KOSTENLOSER VERSAND.<\/p>\n<p><strong>Produkttabelle:<\/strong><\/p>\n<p>Die Bettgr\u00f6\u00dfe betr\u00e4gt 140 cm x 190 cm.<\/p>\n<p>Die Produktion erfolgt in verschiedenen Gr\u00f6\u00dfen.<\/p>\n<p>BITTE KONTAKTIEREN SIE UNS F\u00dcR DETAILLIERTE INFORMATIONEN.<\/p>\n<p><img fetchpriority=\"high\" decoding=\"async\" class=\"alignnone size-medium wp-image-11654\" src=\"https:\/\/modamob.com.tr\/wp-content\/uploads\/2022\/11\/2-211x300.jpg\" alt=\"\" width=\"211\" height=\"300\" srcset=\"https:\/\/www.modamob.com.tr\/wp-content\/uploads\/2022\/11\/2-211x300.jpg 211w, https:\/\/www.modamob.com.tr\/wp-content\/uploads\/2022\/11\/2.jpg 560w\" sizes=\"(max-width: 211px) 100vw, 211px\" \/><\/p>\n<p><strong>Produktmontagediagramm:<\/strong><\/p>\n<p><img decoding=\"async\" class=\"alignnone size-medium wp-image-11655\" src=\"https:\/\/modamob.com.tr\/wp-content\/uploads\/2022\/11\/22-232x300.jpg\" alt=\"\" width=\"232\" height=\"300\" srcset=\"https:\/\/www.modamob.com.tr\/wp-content\/uploads\/2022\/11\/22-232x300.jpg 232w, https:\/\/www.modamob.com.tr\/wp-content\/uploads\/2022\/11\/22-600x774.jpg 600w, https:\/\/www.modamob.com.tr\/wp-content\/uploads\/2022\/11\/22.jpg 668w\" sizes=\"(max-width: 232px) 100vw, 232px\" \/><\/p>\n<p><strong>Produktdetails:<\/strong><\/p>\n<p>Materialliste f\u00fcr Doppel-Vertikal-Klapptisch-Wandbett-Mechanismus.<\/p>\n<p><img decoding=\"async\" class=\"alignnone size-medium wp-image-11656\" src=\"https:\/\/modamob.com.tr\/wp-content\/uploads\/2022\/11\/222-223x300.jpg\" alt=\"\" width=\"223\" height=\"300\" srcset=\"https:\/\/www.modamob.com.tr\/wp-content\/uploads\/2022\/11\/222-223x300.jpg 223w, https:\/\/www.modamob.com.tr\/wp-content\/uploads\/2022\/11\/222-370x500.jpg 370w, https:\/\/www.modamob.com.tr\/wp-content\/uploads\/2022\/11\/222.jpg 562w\" sizes=\"(max-width: 223px) 100vw, 223px\" \/><\/p>\n<p>&nbsp;<\/p>","protected":false},"excerpt":{"rendered":"<p>\u00c7ift Ki\u015filik Dikey A\u00e7\u0131l\u0131r Masal\u0131 Mekanizma \u00dcr\u00fcn Detaylar\u0131: TOPTAN F\u0130YATTIR. KDV HAR\u0130\u00c7T\u0130R. SADECE METAL AKSAMLAR. \u00dcCRETS\u0130Z KARGO. \u00dcr\u00fcn Grafi\u011fi: YATAK \u00d6L\u00c7\u00dcS\u00dc 140cm x 190cm&#8217;D\u0130R. FARKLI \u00d6L\u00c7\u00dcLERDE \u00dcRET\u0130M YAPILMAKTADIR. DETAYLI B\u0130LG\u0130 \u0130\u00c7\u0130N \u0130LET\u0130\u015e\u0130ME GE\u00c7\u0130N\u0130Z. \u00dcr\u00fcn Montaj \u015eemas\u0131: \u00dcr\u00fcn Detay: \u00c7ift ki\u015filik dikey a\u00e7\u0131l\u0131r masal\u0131 duvar yata\u011f\u0131 mekanizmas\u0131 malzeme listesi. &nbsp;<\/p>","protected":false},"featured_media":11657,"template":"","meta":{"footnotes":""},"product_brand":[],"product_cat":[205,206],"product_tag":[240,260],"class_list":{"0":"post-11653","1":"product","2":"type-product","3":"status-publish","4":"has-post-thumbnail","6":"product_cat-cift-kisilik-somyali-mekanizmalar","7":"product_cat-mekanizmalar","8":"product_tag-acilir-yatak","9":"product_tag-duvar-yatak-mekanizmasi","10":"tm-no-options","12":"first","13":"instock","14":"taxable","15":"shipping-taxable","16":"purchasable","17":"product-type-simple"},"yoast_head":"<!-- This site is optimized with the Yoast SEO plugin v26.8 - https:\/\/yoast.com\/product\/yoast-seo-wordpress\/ -->\n<title>\u00c7ift Ki\u015filik Dikey A\u00e7\u0131l\u0131r Masal\u0131 Mekanizma - Modamob Ak\u0131ll\u0131 Mobilya<\/title>\n<meta name=\"robots\" content=\"index, follow, max-snippet:-1, max-image-preview:large, max-video-preview:-1\" \/>\n<link rel=\"canonical\" href=\"https:\/\/www.modamob.com.tr\/de\/produkt\/doppelter-vertikaler-klapptischmechanismus\/\" \/>\n<meta property=\"og:locale\" content=\"de_DE\" \/>\n<meta property=\"og:type\" content=\"article\" \/>\n<meta property=\"og:title\" content=\"\u00c7ift Ki\u015filik Dikey A\u00e7\u0131l\u0131r Masal\u0131 Mekanizma - Modamob Ak\u0131ll\u0131 Mobilya\" \/>\n<meta property=\"og:description\" content=\"\u00c7ift Ki\u015filik Dikey A\u00e7\u0131l\u0131r Masal\u0131 Mekanizma \u00dcr\u00fcn Detaylar\u0131: TOPTAN F\u0130YATTIR. KDV HAR\u0130\u00c7T\u0130R. SADECE METAL AKSAMLAR. \u00dcCRETS\u0130Z KARGO. \u00dcr\u00fcn Grafi\u011fi: YATAK \u00d6L\u00c7\u00dcS\u00dc 140cm x 190cm&#8217;D\u0130R. FARKLI \u00d6L\u00c7\u00dcLERDE \u00dcRET\u0130M YAPILMAKTADIR. DETAYLI B\u0130LG\u0130 \u0130\u00c7\u0130N \u0130LET\u0130\u015e\u0130ME GE\u00c7\u0130N\u0130Z. \u00dcr\u00fcn Montaj \u015eemas\u0131: \u00dcr\u00fcn Detay: \u00c7ift ki\u015filik dikey a\u00e7\u0131l\u0131r masal\u0131 duvar yata\u011f\u0131 mekanizmas\u0131 malzeme listesi. &nbsp;\" \/>\n<meta property=\"og:url\" content=\"https:\/\/www.modamob.com.tr\/de\/produkt\/doppelter-vertikaler-klapptischmechanismus\/\" \/>\n<meta property=\"og:site_name\" content=\"Modamob Ak\u0131ll\u0131 Mobilya\" \/>\n<meta property=\"article:modified_time\" content=\"2024-05-28T14:15:31+00:00\" \/>\n<meta property=\"og:image\" content=\"https:\/\/www.modamob.com.tr\/wp-content\/uploads\/2022\/11\/anaresim2.jpg\" \/>\n\t<meta property=\"og:image:width\" content=\"1024\" \/>\n\t<meta property=\"og:image:height\" content=\"576\" \/>\n\t<meta property=\"og:image:type\" content=\"image\/jpeg\" \/>\n<meta name=\"twitter:card\" content=\"summary_large_image\" \/>\n<meta name=\"twitter:label1\" content=\"Gesch\u00e4tzte Lesezeit\" \/>\n\t<meta name=\"twitter:data1\" content=\"2\u00a0Minuten\" \/>\n<script type=\"application\/ld+json\" class=\"yoast-schema-graph\">{\"@context\":\"https:\/\/schema.org\",\"@graph\":[{\"@type\":\"WebPage\",\"@id\":\"https:\/\/www.modamob.com.tr\/urun\/cift-kisilik-dikey-acilir-masali-mekanizma\/\",\"url\":\"https:\/\/www.modamob.com.tr\/urun\/cift-kisilik-dikey-acilir-masali-mekanizma\/\",\"name\":\"\u00c7ift Ki\u015filik Dikey A\u00e7\u0131l\u0131r Masal\u0131 Mekanizma - Modamob Ak\u0131ll\u0131 Mobilya\",\"isPartOf\":{\"@id\":\"https:\/\/www.modamob.com.tr\/#website\"},\"primaryImageOfPage\":{\"@id\":\"https:\/\/www.modamob.com.tr\/urun\/cift-kisilik-dikey-acilir-masali-mekanizma\/#primaryimage\"},\"image\":{\"@id\":\"https:\/\/www.modamob.com.tr\/urun\/cift-kisilik-dikey-acilir-masali-mekanizma\/#primaryimage\"},\"thumbnailUrl\":\"https:\/\/www.modamob.com.tr\/wp-content\/uploads\/2022\/11\/anaresim2.jpg\",\"datePublished\":\"2022-11-17T14:02:10+00:00\",\"dateModified\":\"2024-05-28T14:15:31+00:00\",\"breadcrumb\":{\"@id\":\"https:\/\/www.modamob.com.tr\/urun\/cift-kisilik-dikey-acilir-masali-mekanizma\/#breadcrumb\"},\"inLanguage\":\"de\",\"potentialAction\":[{\"@type\":\"ReadAction\",\"target\":[\"https:\/\/www.modamob.com.tr\/urun\/cift-kisilik-dikey-acilir-masali-mekanizma\/\"]}]},{\"@type\":\"ImageObject\",\"inLanguage\":\"de\",\"@id\":\"https:\/\/www.modamob.com.tr\/urun\/cift-kisilik-dikey-acilir-masali-mekanizma\/#primaryimage\",\"url\":\"https:\/\/www.modamob.com.tr\/wp-content\/uploads\/2022\/11\/anaresim2.jpg\",\"contentUrl\":\"https:\/\/www.modamob.com.tr\/wp-content\/uploads\/2022\/11\/anaresim2.jpg\",\"width\":1024,\"height\":576,\"caption\":\"\u00c7ift Ki\u015filik Dikey A\u00e7\u0131l\u0131r Masal\u0131 Mekanizma\"},{\"@type\":\"BreadcrumbList\",\"@id\":\"https:\/\/www.modamob.com.tr\/urun\/cift-kisilik-dikey-acilir-masali-mekanizma\/#breadcrumb\",\"itemListElement\":[{\"@type\":\"ListItem\",\"position\":1,\"name\":\"Anasayfa\",\"item\":\"https:\/\/www.modamob.com.tr\/\"},{\"@type\":\"ListItem\",\"position\":2,\"name\":\"Ma\u011faza\",\"item\":\"https:\/\/www.modamob.com.tr\/magaza\/\"},{\"@type\":\"ListItem\",\"position\":3,\"name\":\"\u00c7ift Ki\u015filik Dikey A\u00e7\u0131l\u0131r Masal\u0131 Mekanizma\"}]},{\"@type\":\"WebSite\",\"@id\":\"https:\/\/www.modamob.com.tr\/#website\",\"url\":\"https:\/\/www.modamob.com.tr\/\",\"name\":\"Modamob Ak\u0131ll\u0131 Mobilya\",\"description\":\"Yeni Nesil Hareketli Mobilyalar\",\"potentialAction\":[{\"@type\":\"SearchAction\",\"target\":{\"@type\":\"EntryPoint\",\"urlTemplate\":\"https:\/\/www.modamob.com.tr\/?s={search_term_string}\"},\"query-input\":{\"@type\":\"PropertyValueSpecification\",\"valueRequired\":true,\"valueName\":\"search_term_string\"}}],\"inLanguage\":\"de\"}]}<\/script>\n<!-- \/ Yoast SEO plugin. -->","yoast_head_json":{"title":"Doppelter vertikaler ausziehbarer Tischmechanismus \u2013 Modamob Smart Furniture","robots":{"index":"index","follow":"follow","max-snippet":"max-snippet:-1","max-image-preview":"max-image-preview:large","max-video-preview":"max-video-preview:-1"},"canonical":"https:\/\/www.modamob.com.tr\/de\/produkt\/doppelter-vertikaler-klapptischmechanismus\/","og_locale":"de_DE","og_type":"article","og_title":"\u00c7ift Ki\u015filik Dikey A\u00e7\u0131l\u0131r Masal\u0131 Mekanizma - Modamob Ak\u0131ll\u0131 Mobilya","og_description":"\u00c7ift Ki\u015filik Dikey A\u00e7\u0131l\u0131r Masal\u0131 Mekanizma \u00dcr\u00fcn Detaylar\u0131: TOPTAN F\u0130YATTIR. KDV HAR\u0130\u00c7T\u0130R. SADECE METAL AKSAMLAR. \u00dcCRETS\u0130Z KARGO. \u00dcr\u00fcn Grafi\u011fi: YATAK \u00d6L\u00c7\u00dcS\u00dc 140cm x 190cm&#8217;D\u0130R. FARKLI \u00d6L\u00c7\u00dcLERDE \u00dcRET\u0130M YAPILMAKTADIR. DETAYLI B\u0130LG\u0130 \u0130\u00c7\u0130N \u0130LET\u0130\u015e\u0130ME GE\u00c7\u0130N\u0130Z. \u00dcr\u00fcn Montaj \u015eemas\u0131: \u00dcr\u00fcn Detay: \u00c7ift ki\u015filik dikey a\u00e7\u0131l\u0131r masal\u0131 duvar yata\u011f\u0131 mekanizmas\u0131 malzeme listesi. &nbsp;","og_url":"https:\/\/www.modamob.com.tr\/de\/produkt\/doppelter-vertikaler-klapptischmechanismus\/","og_site_name":"Modamob Ak\u0131ll\u0131 Mobilya","article_modified_time":"2024-05-28T14:15:31+00:00","og_image":[{"width":1024,"height":576,"url":"https:\/\/www.modamob.com.tr\/wp-content\/uploads\/2022\/11\/anaresim2.jpg","type":"image\/jpeg"}],"twitter_card":"summary_large_image","twitter_misc":{"Gesch\u00e4tzte Lesezeit":"2\u00a0Minuten"},"schema":{"@context":"https:\/\/schema.org","@graph":[{"@type":"WebPage","@id":"https:\/\/www.modamob.com.tr\/urun\/cift-kisilik-dikey-acilir-masali-mekanizma\/","url":"https:\/\/www.modamob.com.tr\/urun\/cift-kisilik-dikey-acilir-masali-mekanizma\/","name":"Doppelter vertikaler ausziehbarer Tischmechanismus \u2013 Modamob Smart Furniture","isPartOf":{"@id":"https:\/\/www.modamob.com.tr\/#website"},"primaryImageOfPage":{"@id":"https:\/\/www.modamob.com.tr\/urun\/cift-kisilik-dikey-acilir-masali-mekanizma\/#primaryimage"},"image":{"@id":"https:\/\/www.modamob.com.tr\/urun\/cift-kisilik-dikey-acilir-masali-mekanizma\/#primaryimage"},"thumbnailUrl":"https:\/\/www.modamob.com.tr\/wp-content\/uploads\/2022\/11\/anaresim2.jpg","datePublished":"2022-11-17T14:02:10+00:00","dateModified":"2024-05-28T14:15:31+00:00","breadcrumb":{"@id":"https:\/\/www.modamob.com.tr\/urun\/cift-kisilik-dikey-acilir-masali-mekanizma\/#breadcrumb"},"inLanguage":"de","potentialAction":[{"@type":"ReadAction","target":["https:\/\/www.modamob.com.tr\/urun\/cift-kisilik-dikey-acilir-masali-mekanizma\/"]}]},{"@type":"ImageObject","inLanguage":"de","@id":"https:\/\/www.modamob.com.tr\/urun\/cift-kisilik-dikey-acilir-masali-mekanizma\/#primaryimage","url":"https:\/\/www.modamob.com.tr\/wp-content\/uploads\/2022\/11\/anaresim2.jpg","contentUrl":"https:\/\/www.modamob.com.tr\/wp-content\/uploads\/2022\/11\/anaresim2.jpg","width":1024,"height":576,"caption":"\u00c7ift Ki\u015filik Dikey A\u00e7\u0131l\u0131r Masal\u0131 Mekanizma"},{"@type":"BreadcrumbList","@id":"https:\/\/www.modamob.com.tr\/urun\/cift-kisilik-dikey-acilir-masali-mekanizma\/#breadcrumb","itemListElement":[{"@type":"ListItem","position":1,"name":"Anasayfa","item":"https:\/\/www.modamob.com.tr\/"},{"@type":"ListItem","position":2,"name":"Ma\u011faza","item":"https:\/\/www.modamob.com.tr\/magaza\/"},{"@type":"ListItem","position":3,"name":"\u00c7ift Ki\u015filik Dikey A\u00e7\u0131l\u0131r Masal\u0131 Mekanizma"}]},{"@type":"WebSite","@id":"https:\/\/www.modamob.com.tr\/#website","url":"https:\/\/www.modamob.com.tr\/","name":"Modamob Intelligente M\u00f6bel","description":"Bewegliche M\u00f6bel der neuen Generation","potentialAction":[{"@type":"SearchAction","target":{"@type":"EntryPoint","urlTemplate":"https:\/\/www.modamob.com.tr\/?s={search_term_string}"},"query-input":{"@type":"PropertyValueSpecification","valueRequired":true,"valueName":"search_term_string"}}],"inLanguage":"de"}]}},"_links":{"self":[{"href":"https:\/\/www.modamob.com.tr\/de\/wp-json\/wp\/v2\/product\/11653","targetHints":{"allow":["GET"]}}],"collection":[{"href":"https:\/\/www.modamob.com.tr\/de\/wp-json\/wp\/v2\/product"}],"about":[{"href":"https:\/\/www.modamob.com.tr\/de\/wp-json\/wp\/v2\/types\/product"}],"version-history":[{"count":2,"href":"https:\/\/www.modamob.com.tr\/de\/wp-json\/wp\/v2\/product\/11653\/revisions"}],"predecessor-version":[{"id":15806,"href":"https:\/\/www.modamob.com.tr\/de\/wp-json\/wp\/v2\/product\/11653\/revisions\/15806"}],"wp:featuredmedia":[{"embeddable":true,"href":"https:\/\/www.modamob.com.tr\/de\/wp-json\/wp\/v2\/media\/11657"}],"wp:attachment":[{"href":"https:\/\/www.modamob.com.tr\/de\/wp-json\/wp\/v2\/media?parent=11653"}],"wp:term":[{"taxonomy":"product_brand","embeddable":true,"href":"https:\/\/www.modamob.com.tr\/de\/wp-json\/wp\/v2\/product_brand?post=11653"},{"taxonomy":"product_cat","embeddable":true,"href":"https:\/\/www.modamob.com.tr\/de\/wp-json\/wp\/v2\/product_cat?post=11653"},{"taxonomy":"product_tag","embeddable":true,"href":"https:\/\/www.modamob.com.tr\/de\/wp-json\/wp\/v2\/product_tag?post=11653"}],"curies":[{"name":"wp","href":"https:\/\/api.w.org\/{rel}","templated":true}]}}